{"id":1799,"date":"2022-08-02T13:58:49","date_gmt":"2022-08-02T13:58:49","guid":{"rendered":"https:\/\/inbo.wild-digital.com\/?post_type=projects&#038;p=1799"},"modified":"2023-10-31T12:51:14","modified_gmt":"2023-10-31T12:51:14","slug":"1-gemeentehuis-in-22-panden-gemeentehuis-sudwest-fryslan","status":"publish","type":"projects","link":"https:\/\/inbo.com\/nl\/projects\/1-gemeentehuis-in-22-panden-gemeentehuis-sudwest-fryslan\/","title":{"rendered":"Gemeentehuis S\u00fadwest-Frysl\u00e2n<br\/> Sneek"},"menu_order":77,"template":"","tags":[88,137,135,133,52,24,60,53],"project_types":[112,104],"class_list":["post-1799","projects","type-projects","status-publish","hentry","tag-gemeentehuis","tag-inrichtingsplan","tag-kantoor","tag-monument","tag-overheid","tag-renovatie","tag-transformatie","tag-werken","project_types-publiek","project_types-werken"],"acf":{"project_header":{"image":{"ID":7205,"id":7205,"title":"Gemeentehuis-Sneek_EdB_023-scaled-aspect-ratio-1170-1311","filename":"Gemeentehuis-Sneek_EdB_023-scaled-aspect-ratio-1170-1311.jpg","filesize":1635370,"url":"https:\/\/inbo.com\/wp-content\/uploads\/2022\/11\/Gemeentehuis-Sneek_EdB_023-scaled-aspect-ratio-1170-1311.jpg","link":"https:\/\/inbo.com\/nl\/projects\/1-gemeentehuis-in-22-panden-gemeentehuis-sudwest-fryslan\/gemeentehuis-sneek_edb_023-scaled-aspect-ratio-1170-1311-2\/","alt":"","author":"4","description":"","caption":"","name":"gemeentehuis-sneek_edb_023-scaled-aspect-ratio-1170-1311-2","status":"inherit","uploaded_to":1799,"date":"2022-11-29 13:07:45","modified":"2022-11-29 13:14:14","menu_order":0,"mime_type":"image\/jpeg","type":"image","subtype":"jpeg","icon":"https:\/\/inbo.com\/wp-includes\/images\/media\/default.png","width":1170,"height":1311,"sizes":{"thumbnail":"https:\/\/inbo.com\/wp-content\/uploads\/2022\/11\/Gemeentehuis-Sneek_EdB_023-scaled-aspect-ratio-1170-1311-150x150.jpg","thumbnail-width":150,"thumbnail-height":150,"medium":"https:\/\/inbo.com\/wp-content\/uploads\/2022\/11\/Gemeentehuis-Sneek_EdB_023-scaled-aspect-ratio-1170-1311-268x300.jpg","medium-width":268,"medium-height":300,"medium_large":"https:\/\/inbo.com\/wp-content\/uploads\/2022\/11\/Gemeentehuis-Sneek_EdB_023-scaled-aspect-ratio-1170-1311-768x861.jpg","medium_large-width":768,"medium_large-height":861,"large":"https:\/\/inbo.com\/wp-content\/uploads\/2022\/11\/Gemeentehuis-Sneek_EdB_023-scaled-aspect-ratio-1170-1311-914x1024.jpg","large-width":914,"large-height":1024,"1536x1536":"https:\/\/inbo.com\/wp-content\/uploads\/2022\/11\/Gemeentehuis-Sneek_EdB_023-scaled-aspect-ratio-1170-1311.jpg","1536x1536-width":1170,"1536x1536-height":1311,"2048x2048":"https:\/\/inbo.com\/wp-content\/uploads\/2022\/11\/Gemeentehuis-Sneek_EdB_023-scaled-aspect-ratio-1170-1311.jpg","2048x2048-width":1170,"2048x2048-height":1311,"test_size":"https:\/\/inbo.com\/wp-content\/uploads\/2022\/11\/Gemeentehuis-Sneek_EdB_023-scaled-aspect-ratio-1170-1311-1x1.jpg","test_size-width":1,"test_size-height":1,"image_mobile":"https:\/\/inbo.com\/wp-content\/uploads\/2022\/11\/Gemeentehuis-Sneek_EdB_023-scaled-aspect-ratio-1170-1311-390x437.jpg","image_mobile-width":390,"image_mobile-height":437,"image_tablet":"https:\/\/inbo.com\/wp-content\/uploads\/2022\/11\/Gemeentehuis-Sneek_EdB_023-scaled-aspect-ratio-1170-1311-1024x1147.jpg","image_tablet-width":1024,"image_tablet-height":1147,"image_laptop":"https:\/\/inbo.com\/wp-content\/uploads\/2022\/11\/Gemeentehuis-Sneek_EdB_023-scaled-aspect-ratio-1170-1311.jpg","image_laptop-width":1170,"image_laptop-height":1311,"image_extra_large":"https:\/\/inbo.com\/wp-content\/uploads\/2022\/11\/Gemeentehuis-Sneek_EdB_023-scaled-aspect-ratio-1170-1311.jpg","image_extra_large-width":1170,"image_extra_large-height":1311,"yarpp-thumbnail":"https:\/\/inbo.com\/wp-content\/uploads\/2022\/11\/Gemeentehuis-Sneek_EdB_023-scaled-aspect-ratio-1170-1311-120x120.jpg","yarpp-thumbnail-width":120,"yarpp-thumbnail-height":120},"original_image":{"ID":5417,"id":5417,"title":"Gemeentehuis Sneek_EdB_023","filename":"Gemeentehuis-Sneek_EdB_023-scaled.jpg","filesize":3154398,"url":"https:\/\/inbo.com\/wp-content\/uploads\/2022\/08\/Gemeentehuis-Sneek_EdB_023-scaled.jpg","link":"https:\/\/inbo.com\/nl\/projects\/1-gemeentehuis-in-22-panden-gemeentehuis-sudwest-fryslan\/gemeentehuis-sneek_edb_023\/","alt":"gemeentehuis sneek","author":"4","description":"","caption":"egbert de boer","name":"gemeentehuis-sneek_edb_023","status":"inherit","uploaded_to":1799,"date":"2022-09-22 09:03:11","modified":"2022-09-22 09:03:58","menu_order":0,"mime_type":"image\/jpeg","type":"image","subtype":"jpeg","icon":"https:\/\/inbo.com\/wp-includes\/images\/media\/default.png","width":2560,"height":1708,"sizes":{"thumbnail":"https:\/\/inbo.com\/wp-content\/uploads\/2022\/08\/Gemeentehuis-Sneek_EdB_023-150x150.jpg","thumbnail-width":150,"thumbnail-height":150,"medium":"https:\/\/inbo.com\/wp-content\/uploads\/2022\/08\/Gemeentehuis-Sneek_EdB_023-300x200.jpg","medium-width":300,"medium-height":200,"medium_large":"https:\/\/inbo.com\/wp-content\/uploads\/2022\/08\/Gemeentehuis-Sneek_EdB_023-768x512.jpg","medium_large-width":768,"medium_large-height":512,"large":"https:\/\/inbo.com\/wp-content\/uploads\/2022\/08\/Gemeentehuis-Sneek_EdB_023-1024x683.jpg","large-width":1024,"large-height":683,"1536x1536":"https:\/\/inbo.com\/wp-content\/uploads\/2022\/08\/Gemeentehuis-Sneek_EdB_023-1536x1025.jpg","1536x1536-width":1536,"1536x1536-height":1025,"2048x2048":"https:\/\/inbo.com\/wp-content\/uploads\/2022\/08\/Gemeentehuis-Sneek_EdB_023-2048x1366.jpg","2048x2048-width":2048,"2048x2048-height":1366,"test_size":"https:\/\/inbo.com\/wp-content\/uploads\/2022\/08\/Gemeentehuis-Sneek_EdB_023-1x1.jpg","test_size-width":1,"test_size-height":1,"image_mobile":"https:\/\/inbo.com\/wp-content\/uploads\/2022\/08\/Gemeentehuis-Sneek_EdB_023-390x260.jpg","image_mobile-width":390,"image_mobile-height":260,"image_tablet":"https:\/\/inbo.com\/wp-content\/uploads\/2022\/08\/Gemeentehuis-Sneek_EdB_023-1024x683.jpg","image_tablet-width":1024,"image_tablet-height":683,"image_laptop":"https:\/\/inbo.com\/wp-content\/uploads\/2022\/08\/Gemeentehuis-Sneek_EdB_023-scaled.jpg","image_laptop-width":1440,"image_laptop-height":961,"image_extra_large":"https:\/\/inbo.com\/wp-content\/uploads\/2022\/08\/Gemeentehuis-Sneek_EdB_023-2560x1708.jpg","image_extra_large-width":2560,"image_extra_large-height":1708,"yarpp-thumbnail":"https:\/\/inbo.com\/wp-content\/uploads\/2022\/08\/Gemeentehuis-Sneek_EdB_023-120x120.jpg","yarpp-thumbnail-width":120,"yarpp-thumbnail-height":120}}},"image_landscape":{"ID":5421,"id":5421,"title":"Gemeentehuis-Sneek_EdB_023-scaled-aspect-ratio-1108-920","filename":"Gemeentehuis-Sneek_EdB_023-scaled-aspect-ratio-1108-920-scaled.jpg","filesize":4083649,"url":"https:\/\/inbo.com\/wp-content\/uploads\/2022\/09\/Gemeentehuis-Sneek_EdB_023-scaled-aspect-ratio-1108-920-scaled.jpg","link":"https:\/\/inbo.com\/nl\/projects\/1-gemeentehuis-in-22-panden-gemeentehuis-sudwest-fryslan\/gemeentehuis-sneek_edb_023-scaled-aspect-ratio-1108-920\/","alt":"","author":"4","description":"","caption":"","name":"gemeentehuis-sneek_edb_023-scaled-aspect-ratio-1108-920","status":"inherit","uploaded_to":1799,"date":"2022-09-22 09:04:38","modified":"2022-09-22 09:06:53","menu_order":0,"mime_type":"image\/jpeg","type":"image","subtype":"jpeg","icon":"https:\/\/inbo.com\/wp-includes\/images\/media\/default.png","width":2560,"height":2126,"sizes":{"thumbnail":"https:\/\/inbo.com\/wp-content\/uploads\/2022\/09\/Gemeentehuis-Sneek_EdB_023-scaled-aspect-ratio-1108-920-150x150.jpg","thumbnail-width":150,"thumbnail-height":150,"medium":"https:\/\/inbo.com\/wp-content\/uploads\/2022\/09\/Gemeentehuis-Sneek_EdB_023-scaled-aspect-ratio-1108-920-300x249.jpg","medium-width":300,"medium-height":249,"medium_large":"https:\/\/inbo.com\/wp-content\/uploads\/2022\/09\/Gemeentehuis-Sneek_EdB_023-scaled-aspect-ratio-1108-920-768x638.jpg","medium_large-width":768,"medium_large-height":638,"large":"https:\/\/inbo.com\/wp-content\/uploads\/2022\/09\/Gemeentehuis-Sneek_EdB_023-scaled-aspect-ratio-1108-920-1024x850.jpg","large-width":1024,"large-height":850,"1536x1536":"https:\/\/inbo.com\/wp-content\/uploads\/2022\/09\/Gemeentehuis-Sneek_EdB_023-scaled-aspect-ratio-1108-920-1536x1275.jpg","1536x1536-width":1536,"1536x1536-height":1275,"2048x2048":"https:\/\/inbo.com\/wp-content\/uploads\/2022\/09\/Gemeentehuis-Sneek_EdB_023-scaled-aspect-ratio-1108-920-2048x1700.jpg","2048x2048-width":2048,"2048x2048-height":1700,"test_size":"https:\/\/inbo.com\/wp-content\/uploads\/2022\/09\/Gemeentehuis-Sneek_EdB_023-scaled-aspect-ratio-1108-920-1x1.jpg","test_size-width":1,"test_size-height":1,"image_mobile":"https:\/\/inbo.com\/wp-content\/uploads\/2022\/09\/Gemeentehuis-Sneek_EdB_023-scaled-aspect-ratio-1108-920-390x324.jpg","image_mobile-width":390,"image_mobile-height":324,"image_tablet":"https:\/\/inbo.com\/wp-content\/uploads\/2022\/09\/Gemeentehuis-Sneek_EdB_023-scaled-aspect-ratio-1108-920-1024x850.jpg","image_tablet-width":1024,"image_tablet-height":850,"image_laptop":"https:\/\/inbo.com\/wp-content\/uploads\/2022\/09\/Gemeentehuis-Sneek_EdB_023-scaled-aspect-ratio-1108-920-scaled.jpg","image_laptop-width":1440,"image_laptop-height":1196,"image_extra_large":"https:\/\/inbo.com\/wp-content\/uploads\/2022\/09\/Gemeentehuis-Sneek_EdB_023-scaled-aspect-ratio-1108-920-2560x2126.jpg","image_extra_large-width":2560,"image_extra_large-height":2126,"yarpp-thumbnail":"https:\/\/inbo.com\/wp-content\/uploads\/2022\/09\/Gemeentehuis-Sneek_EdB_023-scaled-aspect-ratio-1108-920-120x120.jpg","yarpp-thumbnail-width":120,"yarpp-thumbnail-height":120},"original_image":{"ID":5417,"id":5417,"title":"Gemeentehuis Sneek_EdB_023","filename":"Gemeentehuis-Sneek_EdB_023-scaled.jpg","filesize":3154398,"url":"https:\/\/inbo.com\/wp-content\/uploads\/2022\/08\/Gemeentehuis-Sneek_EdB_023-scaled.jpg","link":"https:\/\/inbo.com\/nl\/projects\/1-gemeentehuis-in-22-panden-gemeentehuis-sudwest-fryslan\/gemeentehuis-sneek_edb_023\/","alt":"gemeentehuis sneek","author":"4","description":"","caption":"egbert de boer","name":"gemeentehuis-sneek_edb_023","status":"inherit","uploaded_to":1799,"date":"2022-09-22 09:03:11","modified":"2022-09-22 09:03:58","menu_order":0,"mime_type":"image\/jpeg","type":"image","subtype":"jpeg","icon":"https:\/\/inbo.com\/wp-includes\/images\/media\/default.png","width":2560,"height":1708,"sizes":{"thumbnail":"https:\/\/inbo.com\/wp-content\/uploads\/2022\/08\/Gemeentehuis-Sneek_EdB_023-150x150.jpg","thumbnail-width":150,"thumbnail-height":150,"medium":"https:\/\/inbo.com\/wp-content\/uploads\/2022\/08\/Gemeentehuis-Sneek_EdB_023-300x200.jpg","medium-width":300,"medium-height":200,"medium_large":"https:\/\/inbo.com\/wp-content\/uploads\/2022\/08\/Gemeentehuis-Sneek_EdB_023-768x512.jpg","medium_large-width":768,"medium_large-height":512,"large":"https:\/\/inbo.com\/wp-content\/uploads\/2022\/08\/Gemeentehuis-Sneek_EdB_023-1024x683.jpg","large-width":1024,"large-height":683,"1536x1536":"https:\/\/inbo.com\/wp-content\/uploads\/2022\/08\/Gemeentehuis-Sneek_EdB_023-1536x1025.jpg","1536x1536-width":1536,"1536x1536-height":1025,"2048x2048":"https:\/\/inbo.com\/wp-content\/uploads\/2022\/08\/Gemeentehuis-Sneek_EdB_023-2048x1366.jpg","2048x2048-width":2048,"2048x2048-height":1366,"test_size":"https:\/\/inbo.com\/wp-content\/uploads\/2022\/08\/Gemeentehuis-Sneek_EdB_023-1x1.jpg","test_size-width":1,"test_size-height":1,"image_mobile":"https:\/\/inbo.com\/wp-content\/uploads\/2022\/08\/Gemeentehuis-Sneek_EdB_023-390x260.jpg","image_mobile-width":390,"image_mobile-height":260,"image_tablet":"https:\/\/inbo.com\/wp-content\/uploads\/2022\/08\/Gemeentehuis-Sneek_EdB_023-1024x683.jpg","image_tablet-width":1024,"image_tablet-height":683,"image_laptop":"https:\/\/inbo.com\/wp-content\/uploads\/2022\/08\/Gemeentehuis-Sneek_EdB_023-scaled.jpg","image_laptop-width":1440,"image_laptop-height":961,"image_extra_large":"https:\/\/inbo.com\/wp-content\/uploads\/2022\/08\/Gemeentehuis-Sneek_EdB_023-2560x1708.jpg","image_extra_large-width":2560,"image_extra_large-height":1708,"yarpp-thumbnail":"https:\/\/inbo.com\/wp-content\/uploads\/2022\/08\/Gemeentehuis-Sneek_EdB_023-120x120.jpg","yarpp-thumbnail-width":120,"yarpp-thumbnail-height":120}}},"image_location":"left","date":"","location":"1 gemeentehuis in 22 panden"},"page_color":"light","components":[{"acf_fc_layout":"text","variation":"right","no_padding":false,"text_left":"<h4>Little C in Rotterdam combineert een stoer stadsgevoel met een ontspannen groene sfeer. De nieuwe woonwijk aan de Coolhaven voelt vanaf de oplevering prettig en tijdloos aan. Het hecht als een puzzelstuk een paar stadsdelen aan elkaar in het voorheen onherbergzame en door infrastructuur gedomineerde gebied.<\/h4>\n","text_right":"<h4>In Friesland werden 89 kernen samengevoegd tot gemeente S\u00fadwest-Frysl\u00e2n, met Sneek als locatie voor het gemeentehuis. Alle gemeentelijke diensten kregen hun plek in bestaande, deels monumentale panden.<\/h4>\n<h4>Elk pand heeft een eigen sfeer en een rijke historische geschiedenis, met het Stadhuis uit 1550 als centraal gebouw.<\/h4>\n"},{"acf_fc_layout":"text_image","disable_crop":false,"sticky_text":false,"image":{"ID":1868,"id":1868,"title":"Gemeentehuis-Sneek_EdB_05-scaled-aspect-ratio-710-914","filename":"Gemeentehuis-Sneek_EdB_05-scaled-aspect-ratio-710-914-1-scaled.jpg","filesize":3113974,"url":"https:\/\/inbo.com\/wp-content\/uploads\/2022\/08\/Gemeentehuis-Sneek_EdB_05-scaled-aspect-ratio-710-914-1-scaled.jpg","link":"https:\/\/inbo.com\/nl\/projects\/1-gemeentehuis-in-22-panden-gemeentehuis-sudwest-fryslan\/gemeentehuis-sneek_edb_05-scaled-aspect-ratio-710-914-2\/","alt":"","author":"4","description":"","caption":"","name":"gemeentehuis-sneek_edb_05-scaled-aspect-ratio-710-914-2","status":"inherit","uploaded_to":1799,"date":"2022-08-02 13:51:57","modified":"2022-08-02 13:53:06","menu_order":0,"mime_type":"image\/jpeg","type":"image","subtype":"jpeg","icon":"https:\/\/inbo.com\/wp-includes\/images\/media\/default.png","width":1989,"height":2560,"sizes":{"thumbnail":"https:\/\/inbo.com\/wp-content\/uploads\/2022\/08\/Gemeentehuis-Sneek_EdB_05-scaled-aspect-ratio-710-914-1-150x150.jpg","thumbnail-width":150,"thumbnail-height":150,"medium":"https:\/\/inbo.com\/wp-content\/uploads\/2022\/08\/Gemeentehuis-Sneek_EdB_05-scaled-aspect-ratio-710-914-1-233x300.jpg","medium-width":233,"medium-height":300,"medium_large":"https:\/\/inbo.com\/wp-content\/uploads\/2022\/08\/Gemeentehuis-Sneek_EdB_05-scaled-aspect-ratio-710-914-1-768x989.jpg","medium_large-width":768,"medium_large-height":989,"large":"https:\/\/inbo.com\/wp-content\/uploads\/2022\/08\/Gemeentehuis-Sneek_EdB_05-scaled-aspect-ratio-710-914-1-795x1024.jpg","large-width":795,"large-height":1024,"1536x1536":"https:\/\/inbo.com\/wp-content\/uploads\/2022\/08\/Gemeentehuis-Sneek_EdB_05-scaled-aspect-ratio-710-914-1-1193x1536.jpg","1536x1536-width":1193,"1536x1536-height":1536,"2048x2048":"https:\/\/inbo.com\/wp-content\/uploads\/2022\/08\/Gemeentehuis-Sneek_EdB_05-scaled-aspect-ratio-710-914-1-1591x2048.jpg","2048x2048-width":1591,"2048x2048-height":2048,"test_size":"https:\/\/inbo.com\/wp-content\/uploads\/2022\/08\/Gemeentehuis-Sneek_EdB_05-scaled-aspect-ratio-710-914-1-1x1.jpg","test_size-width":1,"test_size-height":1,"image_mobile":"https:\/\/inbo.com\/wp-content\/uploads\/2022\/08\/Gemeentehuis-Sneek_EdB_05-scaled-aspect-ratio-710-914-1-390x502.jpg","image_mobile-width":390,"image_mobile-height":502,"image_tablet":"https:\/\/inbo.com\/wp-content\/uploads\/2022\/08\/Gemeentehuis-Sneek_EdB_05-scaled-aspect-ratio-710-914-1-1024x1318.jpg","image_tablet-width":1024,"image_tablet-height":1318,"image_laptop":"https:\/\/inbo.com\/wp-content\/uploads\/2022\/08\/Gemeentehuis-Sneek_EdB_05-scaled-aspect-ratio-710-914-1-scaled.jpg","image_laptop-width":1440,"image_laptop-height":1853,"image_extra_large":"https:\/\/inbo.com\/wp-content\/uploads\/2022\/08\/Gemeentehuis-Sneek_EdB_05-scaled-aspect-ratio-710-914-1-2560x3295.jpg","image_extra_large-width":2560,"image_extra_large-height":3295,"yarpp-thumbnail":"https:\/\/inbo.com\/wp-content\/uploads\/2022\/08\/Gemeentehuis-Sneek_EdB_05-scaled-aspect-ratio-710-914-1-scaled.jpg","yarpp-thumbnail-width":93,"yarpp-thumbnail-height":120},"original_image":{"ID":1840,"id":1840,"title":"Gemeentehuis Sneek_EdB_05","filename":"Gemeentehuis-Sneek_EdB_05-scaled.jpg","filesize":3165516,"url":"https:\/\/inbo.com\/wp-content\/uploads\/2022\/08\/Gemeentehuis-Sneek_EdB_05-scaled.jpg","link":"https:\/\/inbo.com\/nl\/projects\/1-gemeentehuis-in-22-panden-gemeentehuis-sudwest-fryslan\/gemeentehuis-sneek_edb_05\/","alt":"gemeentehuis S\u00fadwest-Frysl\u00e2n","author":"4","description":"","caption":"gemeentehuis S\u00fadwest-Frysl\u00e2n\nEgbert de Boer","name":"gemeentehuis-sneek_edb_05","status":"inherit","uploaded_to":1799,"date":"2022-08-02 12:43:39","modified":"2022-08-02 12:44:37","menu_order":0,"mime_type":"image\/jpeg","type":"image","subtype":"jpeg","icon":"https:\/\/inbo.com\/wp-includes\/images\/media\/default.png","width":2560,"height":1708,"sizes":{"thumbnail":"https:\/\/inbo.com\/wp-content\/uploads\/2022\/08\/Gemeentehuis-Sneek_EdB_05-150x150.jpg","thumbnail-width":150,"thumbnail-height":150,"medium":"https:\/\/inbo.com\/wp-content\/uploads\/2022\/08\/Gemeentehuis-Sneek_EdB_05-300x200.jpg","medium-width":300,"medium-height":200,"medium_large":"https:\/\/inbo.com\/wp-content\/uploads\/2022\/08\/Gemeentehuis-Sneek_EdB_05-768x512.jpg","medium_large-width":768,"medium_large-height":512,"large":"https:\/\/inbo.com\/wp-content\/uploads\/2022\/08\/Gemeentehuis-Sneek_EdB_05-1024x683.jpg","large-width":1024,"large-height":683,"1536x1536":"https:\/\/inbo.com\/wp-content\/uploads\/2022\/08\/Gemeentehuis-Sneek_EdB_05-1536x1025.jpg","1536x1536-width":1536,"1536x1536-height":1025,"2048x2048":"https:\/\/inbo.com\/wp-content\/uploads\/2022\/08\/Gemeentehuis-Sneek_EdB_05-2048x1366.jpg","2048x2048-width":2048,"2048x2048-height":1366,"test_size":"https:\/\/inbo.com\/wp-content\/uploads\/2022\/08\/Gemeentehuis-Sneek_EdB_05-1x1.jpg","test_size-width":1,"test_size-height":1,"image_mobile":"https:\/\/inbo.com\/wp-content\/uploads\/2022\/08\/Gemeentehuis-Sneek_EdB_05-390x260.jpg","image_mobile-width":390,"image_mobile-height":260,"image_tablet":"https:\/\/inbo.com\/wp-content\/uploads\/2022\/08\/Gemeentehuis-Sneek_EdB_05-1024x683.jpg","image_tablet-width":1024,"image_tablet-height":683,"image_laptop":"https:\/\/inbo.com\/wp-content\/uploads\/2022\/08\/Gemeentehuis-Sneek_EdB_05-scaled.jpg","image_laptop-width":1440,"image_laptop-height":961,"image_extra_large":"https:\/\/inbo.com\/wp-content\/uploads\/2022\/08\/Gemeentehuis-Sneek_EdB_05-2560x1708.jpg","image_extra_large-width":2560,"image_extra_large-height":1708,"yarpp-thumbnail":"https:\/\/inbo.com\/wp-content\/uploads\/2022\/08\/Gemeentehuis-Sneek_EdB_05-scaled.jpg","yarpp-thumbnail-width":120,"yarpp-thumbnail-height":80}}},"image_landscape":{"ID":1870,"id":1870,"title":"Gemeentehuis-Sneek_EdB_05-scaled-aspect-ratio-960-914","filename":"Gemeentehuis-Sneek_EdB_05-scaled-aspect-ratio-960-914-1-scaled.jpg","filesize":3599807,"url":"https:\/\/inbo.com\/wp-content\/uploads\/2022\/08\/Gemeentehuis-Sneek_EdB_05-scaled-aspect-ratio-960-914-1-scaled.jpg","link":"https:\/\/inbo.com\/nl\/projects\/1-gemeentehuis-in-22-panden-gemeentehuis-sudwest-fryslan\/gemeentehuis-sneek_edb_05-scaled-aspect-ratio-960-914-2\/","alt":"","author":"4","description":"","caption":"","name":"gemeentehuis-sneek_edb_05-scaled-aspect-ratio-960-914-2","status":"inherit","uploaded_to":1799,"date":"2022-08-02 13:52:36","modified":"2022-08-02 13:53:06","menu_order":0,"mime_type":"image\/jpeg","type":"image","subtype":"jpeg","icon":"https:\/\/inbo.com\/wp-includes\/images\/media\/default.png","width":2560,"height":2437,"sizes":{"thumbnail":"https:\/\/inbo.com\/wp-content\/uploads\/2022\/08\/Gemeentehuis-Sneek_EdB_05-scaled-aspect-ratio-960-914-1-150x150.jpg","thumbnail-width":150,"thumbnail-height":150,"medium":"https:\/\/inbo.com\/wp-content\/uploads\/2022\/08\/Gemeentehuis-Sneek_EdB_05-scaled-aspect-ratio-960-914-1-300x286.jpg","medium-width":300,"medium-height":286,"medium_large":"https:\/\/inbo.com\/wp-content\/uploads\/2022\/08\/Gemeentehuis-Sneek_EdB_05-scaled-aspect-ratio-960-914-1-768x731.jpg","medium_large-width":768,"medium_large-height":731,"large":"https:\/\/inbo.com\/wp-content\/uploads\/2022\/08\/Gemeentehuis-Sneek_EdB_05-scaled-aspect-ratio-960-914-1-1024x975.jpg","large-width":1024,"large-height":975,"1536x1536":"https:\/\/inbo.com\/wp-content\/uploads\/2022\/08\/Gemeentehuis-Sneek_EdB_05-scaled-aspect-ratio-960-914-1-1536x1462.jpg","1536x1536-width":1536,"1536x1536-height":1462,"2048x2048":"https:\/\/inbo.com\/wp-content\/uploads\/2022\/08\/Gemeentehuis-Sneek_EdB_05-scaled-aspect-ratio-960-914-1-2048x1950.jpg","2048x2048-width":2048,"2048x2048-height":1950,"test_size":"https:\/\/inbo.com\/wp-content\/uploads\/2022\/08\/Gemeentehuis-Sneek_EdB_05-scaled-aspect-ratio-960-914-1-1x1.jpg","test_size-width":1,"test_size-height":1,"image_mobile":"https:\/\/inbo.com\/wp-content\/uploads\/2022\/08\/Gemeentehuis-Sneek_EdB_05-scaled-aspect-ratio-960-914-1-390x371.jpg","image_mobile-width":390,"image_mobile-height":371,"image_tablet":"https:\/\/inbo.com\/wp-content\/uploads\/2022\/08\/Gemeentehuis-Sneek_EdB_05-scaled-aspect-ratio-960-914-1-1024x975.jpg","image_tablet-width":1024,"image_tablet-height":975,"image_laptop":"https:\/\/inbo.com\/wp-content\/uploads\/2022\/08\/Gemeentehuis-Sneek_EdB_05-scaled-aspect-ratio-960-914-1-scaled.jpg","image_laptop-width":1440,"image_laptop-height":1371,"image_extra_large":"https:\/\/inbo.com\/wp-content\/uploads\/2022\/08\/Gemeentehuis-Sneek_EdB_05-scaled-aspect-ratio-960-914-1-2560x2437.jpg","image_extra_large-width":2560,"image_extra_large-height":2437,"yarpp-thumbnail":"https:\/\/inbo.com\/wp-content\/uploads\/2022\/08\/Gemeentehuis-Sneek_EdB_05-scaled-aspect-ratio-960-914-1-scaled.jpg","yarpp-thumbnail-width":120,"yarpp-thumbnail-height":114},"original_image":{"ID":1840,"id":1840,"title":"Gemeentehuis Sneek_EdB_05","filename":"Gemeentehuis-Sneek_EdB_05-scaled.jpg","filesize":3165516,"url":"https:\/\/inbo.com\/wp-content\/uploads\/2022\/08\/Gemeentehuis-Sneek_EdB_05-scaled.jpg","link":"https:\/\/inbo.com\/nl\/projects\/1-gemeentehuis-in-22-panden-gemeentehuis-sudwest-fryslan\/gemeentehuis-sneek_edb_05\/","alt":"gemeentehuis S\u00fadwest-Frysl\u00e2n","author":"4","description":"","caption":"gemeentehuis S\u00fadwest-Frysl\u00e2n\nEgbert de Boer","name":"gemeentehuis-sneek_edb_05","status":"inherit","uploaded_to":1799,"date":"2022-08-02 12:43:39","modified":"2022-08-02 12:44:37","menu_order":0,"mime_type":"image\/jpeg","type":"image","subtype":"jpeg","icon":"https:\/\/inbo.com\/wp-includes\/images\/media\/default.png","width":2560,"height":1708,"sizes":{"thumbnail":"https:\/\/inbo.com\/wp-content\/uploads\/2022\/08\/Gemeentehuis-Sneek_EdB_05-150x150.jpg","thumbnail-width":150,"thumbnail-height":150,"medium":"https:\/\/inbo.com\/wp-content\/uploads\/2022\/08\/Gemeentehuis-Sneek_EdB_05-300x200.jpg","medium-width":300,"medium-height":200,"medium_large":"https:\/\/inbo.com\/wp-content\/uploads\/2022\/08\/Gemeentehuis-Sneek_EdB_05-768x512.jpg","medium_large-width":768,"medium_large-height":512,"large":"https:\/\/inbo.com\/wp-content\/uploads\/2022\/08\/Gemeentehuis-Sneek_EdB_05-1024x683.jpg","large-width":1024,"large-height":683,"1536x1536":"https:\/\/inbo.com\/wp-content\/uploads\/2022\/08\/Gemeentehuis-Sneek_EdB_05-1536x1025.jpg","1536x1536-width":1536,"1536x1536-height":1025,"2048x2048":"https:\/\/inbo.com\/wp-content\/uploads\/2022\/08\/Gemeentehuis-Sneek_EdB_05-2048x1366.jpg","2048x2048-width":2048,"2048x2048-height":1366,"test_size":"https:\/\/inbo.com\/wp-content\/uploads\/2022\/08\/Gemeentehuis-Sneek_EdB_05-1x1.jpg","test_size-width":1,"test_size-height":1,"image_mobile":"https:\/\/inbo.com\/wp-content\/uploads\/2022\/08\/Gemeentehuis-Sneek_EdB_05-390x260.jpg","image_mobile-width":390,"image_mobile-height":260,"image_tablet":"https:\/\/inbo.com\/wp-content\/uploads\/2022\/08\/Gemeentehuis-Sneek_EdB_05-1024x683.jpg","image_tablet-width":1024,"image_tablet-height":683,"image_laptop":"https:\/\/inbo.com\/wp-content\/uploads\/2022\/08\/Gemeentehuis-Sneek_EdB_05-scaled.jpg","image_laptop-width":1440,"image_laptop-height":961,"image_extra_large":"https:\/\/inbo.com\/wp-content\/uploads\/2022\/08\/Gemeentehuis-Sneek_EdB_05-2560x1708.jpg","image_extra_large-width":2560,"image_extra_large-height":1708,"yarpp-thumbnail":"https:\/\/inbo.com\/wp-content\/uploads\/2022\/08\/Gemeentehuis-Sneek_EdB_05-scaled.jpg","yarpp-thumbnail-width":120,"yarpp-thumbnail-height":80}}},"full_image":false,"image_location":"right","text_top":"<p>Wij kregen de taak om samenhang en de identiteit in een herkenbaar en inspirerend interieur te brengen, zonder de monumentaliteit van de gebouwen uit het oog te verliezen. En de 22 panden samen te binden tot een geheel.<\/p>\n<p>In het hele gemeentehuis, maar in het publieke deel in het bijzonder, is de identiteit van deze grote Friese gemeente zichtbaar.<\/p>\n","bottom_type":"none","bottom_text":"","bottom_link":null},{"acf_fc_layout":"image","image":{"ID":5427,"id":5427,"title":"Gemeentehuis Sneek_EdB_015","filename":"Gemeentehuis-Sneek_EdB_015-scaled.jpg","filesize":2863569,"url":"https:\/\/inbo.com\/wp-content\/uploads\/2022\/08\/Gemeentehuis-Sneek_EdB_015-scaled.jpg","link":"https:\/\/inbo.com\/nl\/projects\/1-gemeentehuis-in-22-panden-gemeentehuis-sudwest-fryslan\/gemeentehuis-sneek_edb_015-2\/","alt":"gemeentehuis sneek","author":"4","description":"","caption":"egbert de boer","name":"gemeentehuis-sneek_edb_015-2","status":"inherit","uploaded_to":1799,"date":"2022-09-22 09:07:35","modified":"2022-09-22 09:08:08","menu_order":0,"mime_type":"image\/jpeg","type":"image","subtype":"jpeg","icon":"https:\/\/inbo.com\/wp-includes\/images\/media\/default.png","width":2560,"height":1708,"sizes":{"thumbnail":"https:\/\/inbo.com\/wp-content\/uploads\/2022\/08\/Gemeentehuis-Sneek_EdB_015-150x150.jpg","thumbnail-width":150,"thumbnail-height":150,"medium":"https:\/\/inbo.com\/wp-content\/uploads\/2022\/08\/Gemeentehuis-Sneek_EdB_015-300x200.jpg","medium-width":300,"medium-height":200,"medium_large":"https:\/\/inbo.com\/wp-content\/uploads\/2022\/08\/Gemeentehuis-Sneek_EdB_015-768x512.jpg","medium_large-width":768,"medium_large-height":512,"large":"https:\/\/inbo.com\/wp-content\/uploads\/2022\/08\/Gemeentehuis-Sneek_EdB_015-1024x683.jpg","large-width":1024,"large-height":683,"1536x1536":"https:\/\/inbo.com\/wp-content\/uploads\/2022\/08\/Gemeentehuis-Sneek_EdB_015-1536x1025.jpg","1536x1536-width":1536,"1536x1536-height":1025,"2048x2048":"https:\/\/inbo.com\/wp-content\/uploads\/2022\/08\/Gemeentehuis-Sneek_EdB_015-2048x1366.jpg","2048x2048-width":2048,"2048x2048-height":1366,"test_size":"https:\/\/inbo.com\/wp-content\/uploads\/2022\/08\/Gemeentehuis-Sneek_EdB_015-1x1.jpg","test_size-width":1,"test_size-height":1,"image_mobile":"https:\/\/inbo.com\/wp-content\/uploads\/2022\/08\/Gemeentehuis-Sneek_EdB_015-390x260.jpg","image_mobile-width":390,"image_mobile-height":260,"image_tablet":"https:\/\/inbo.com\/wp-content\/uploads\/2022\/08\/Gemeentehuis-Sneek_EdB_015-1024x683.jpg","image_tablet-width":1024,"image_tablet-height":683,"image_laptop":"https:\/\/inbo.com\/wp-content\/uploads\/2022\/08\/Gemeentehuis-Sneek_EdB_015-scaled.jpg","image_laptop-width":1440,"image_laptop-height":961,"image_extra_large":"https:\/\/inbo.com\/wp-content\/uploads\/2022\/08\/Gemeentehuis-Sneek_EdB_015-2560x1708.jpg","image_extra_large-width":2560,"image_extra_large-height":1708,"yarpp-thumbnail":"https:\/\/inbo.com\/wp-content\/uploads\/2022\/08\/Gemeentehuis-Sneek_EdB_015-120x120.jpg","yarpp-thumbnail-width":120,"yarpp-thumbnail-height":120}},"caption":"De kleuren van het interieur zijn ge\u00efnspireerd op de stijlkamers uit de historische panden. ","variation":"left"},{"acf_fc_layout":"image","image":{"ID":7209,"id":7209,"title":"Gemeentehuis Sneek_EdB_049","filename":"Gemeentehuis-Sneek_EdB_049.jpg","filesize":23192465,"url":"https:\/\/inbo.com\/wp-content\/uploads\/2022\/08\/Gemeentehuis-Sneek_EdB_049.jpg","link":"https:\/\/inbo.com\/nl\/projects\/1-gemeentehuis-in-22-panden-gemeentehuis-sudwest-fryslan\/gemeentehuis-sneek_edb_049\/","alt":"Gemeentehuis Sneek","author":"4","description":"","caption":"Egbert de Boer","name":"gemeentehuis-sneek_edb_049","status":"inherit","uploaded_to":1799,"date":"2022-11-29 13:15:42","modified":"2022-11-29 13:16:01","menu_order":0,"mime_type":"image\/jpeg","type":"image","subtype":"jpeg","icon":"https:\/\/inbo.com\/wp-includes\/images\/media\/default.png","width":8000,"height":5336,"sizes":{"thumbnail":"https:\/\/inbo.com\/wp-content\/uploads\/2022\/08\/Gemeentehuis-Sneek_EdB_049-150x150.jpg","thumbnail-width":150,"thumbnail-height":150,"medium":"https:\/\/inbo.com\/wp-content\/uploads\/2022\/08\/Gemeentehuis-Sneek_EdB_049-300x200.jpg","medium-width":300,"medium-height":200,"medium_large":"https:\/\/inbo.com\/wp-content\/uploads\/2022\/08\/Gemeentehuis-Sneek_EdB_049-768x512.jpg","medium_large-width":768,"medium_large-height":512,"large":"https:\/\/inbo.com\/wp-content\/uploads\/2022\/08\/Gemeentehuis-Sneek_EdB_049-1024x683.jpg","large-width":1024,"large-height":683,"1536x1536":"https:\/\/inbo.com\/wp-content\/uploads\/2022\/08\/Gemeentehuis-Sneek_EdB_049-1536x1025.jpg","1536x1536-width":1536,"1536x1536-height":1025,"2048x2048":"https:\/\/inbo.com\/wp-content\/uploads\/2022\/08\/Gemeentehuis-Sneek_EdB_049.jpg","2048x2048-width":2048,"2048x2048-height":1366,"test_size":"https:\/\/inbo.com\/wp-content\/uploads\/2022\/08\/Gemeentehuis-Sneek_EdB_049-1x1.jpg","test_size-width":1,"test_size-height":1,"image_mobile":"https:\/\/inbo.com\/wp-content\/uploads\/2022\/08\/Gemeentehuis-Sneek_EdB_049-390x260.jpg","image_mobile-width":390,"image_mobile-height":260,"image_tablet":"https:\/\/inbo.com\/wp-content\/uploads\/2022\/08\/Gemeentehuis-Sneek_EdB_049-1024x683.jpg","image_tablet-width":1024,"image_tablet-height":683,"image_laptop":"https:\/\/inbo.com\/wp-content\/uploads\/2022\/08\/Gemeentehuis-Sneek_EdB_049-1440x960.jpg","image_laptop-width":1440,"image_laptop-height":960,"image_extra_large":"https:\/\/inbo.com\/wp-content\/uploads\/2022\/08\/Gemeentehuis-Sneek_EdB_049.jpg","image_extra_large-width":2560,"image_extra_large-height":1708,"yarpp-thumbnail":"https:\/\/inbo.com\/wp-content\/uploads\/2022\/08\/Gemeentehuis-Sneek_EdB_049-120x120.jpg","yarpp-thumbnail-width":120,"yarpp-thumbnail-height":120}},"caption":"De kunstcollectie is door alle 22 panden ingezet om de sfeer en identiteit te versterken.","variation":"right"},{"acf_fc_layout":"text","variation":"left_right","no_padding":false,"text_left":"<h3>Ruimte voor ontmoeten en werken<\/h3>\n","text_right":"<p>De schakeling van de gebouwen en de historische panden vormen een prachtig decor met prettige ruimten voor publieksontvangst, ontmoeting, ontspanning en besloten en open werkplekken. We schoonden het exterieur en het interieur van de verschillende panden op en vernieuwden dat met \u00e9\u00e9n grote inspiratiebron: de rijke historie.<\/p>\n<p>We besteedden veel aandacht aan de publieke functie van het gemeentehuis. Met het ontwerp van de ruimten en het meubilair schiepen we een diversiteit aan ontmoetings- en werkplekken. Elk type dienstverlening heeft een geschikte vorm, die veiligheid en privacy van burgers en medewerkers garanderen.<\/p>\n"},{"acf_fc_layout":"image","image":{"ID":1850,"id":1850,"title":"Gemeentehuis Sneek_EdB_035","filename":"Gemeentehuis-Sneek_EdB_035-scaled.jpg","filesize":3306840,"url":"https:\/\/inbo.com\/wp-content\/uploads\/2022\/08\/Gemeentehuis-Sneek_EdB_035-scaled.jpg","link":"https:\/\/inbo.com\/nl\/projects\/1-gemeentehuis-in-22-panden-gemeentehuis-sudwest-fryslan\/gemeentehuis-sneek_edb_035\/","alt":"gemeentehuis S\u00fadwest-Frysl\u00e2n","author":"4","description":"","caption":"Egbert de boer","name":"gemeentehuis-sneek_edb_035","status":"inherit","uploaded_to":1799,"date":"2022-08-02 13:18:58","modified":"2022-08-02 13:19:18","menu_order":0,"mime_type":"image\/jpeg","type":"image","subtype":"jpeg","icon":"https:\/\/inbo.com\/wp-includes\/images\/media\/default.png","width":2560,"height":1708,"sizes":{"thumbnail":"https:\/\/inbo.com\/wp-content\/uploads\/2022\/08\/Gemeentehuis-Sneek_EdB_035-150x150.jpg","thumbnail-width":150,"thumbnail-height":150,"medium":"https:\/\/inbo.com\/wp-content\/uploads\/2022\/08\/Gemeentehuis-Sneek_EdB_035-300x200.jpg","medium-width":300,"medium-height":200,"medium_large":"https:\/\/inbo.com\/wp-content\/uploads\/2022\/08\/Gemeentehuis-Sneek_EdB_035-768x512.jpg","medium_large-width":768,"medium_large-height":512,"large":"https:\/\/inbo.com\/wp-content\/uploads\/2022\/08\/Gemeentehuis-Sneek_EdB_035-1024x683.jpg","large-width":1024,"large-height":683,"1536x1536":"https:\/\/inbo.com\/wp-content\/uploads\/2022\/08\/Gemeentehuis-Sneek_EdB_035-1536x1025.jpg","1536x1536-width":1536,"1536x1536-height":1025,"2048x2048":"https:\/\/inbo.com\/wp-content\/uploads\/2022\/08\/Gemeentehuis-Sneek_EdB_035-2048x1366.jpg","2048x2048-width":2048,"2048x2048-height":1366,"test_size":"https:\/\/inbo.com\/wp-content\/uploads\/2022\/08\/Gemeentehuis-Sneek_EdB_035-1x1.jpg","test_size-width":1,"test_size-height":1,"image_mobile":"https:\/\/inbo.com\/wp-content\/uploads\/2022\/08\/Gemeentehuis-Sneek_EdB_035-390x260.jpg","image_mobile-width":390,"image_mobile-height":260,"image_tablet":"https:\/\/inbo.com\/wp-content\/uploads\/2022\/08\/Gemeentehuis-Sneek_EdB_035-1024x683.jpg","image_tablet-width":1024,"image_tablet-height":683,"image_laptop":"https:\/\/inbo.com\/wp-content\/uploads\/2022\/08\/Gemeentehuis-Sneek_EdB_035-scaled.jpg","image_laptop-width":1440,"image_laptop-height":961,"image_extra_large":"https:\/\/inbo.com\/wp-content\/uploads\/2022\/08\/Gemeentehuis-Sneek_EdB_035-2560x1708.jpg","image_extra_large-width":2560,"image_extra_large-height":1708,"yarpp-thumbnail":"https:\/\/inbo.com\/wp-content\/uploads\/2022\/08\/Gemeentehuis-Sneek_EdB_035-scaled.jpg","yarpp-thumbnail-width":120,"yarpp-thumbnail-height":80}},"caption":"","variation":"full-left"},{"acf_fc_layout":"text","variation":"left_right","no_padding":false,"text_left":"<h3>Gastvrijheid, transparantie en openheid staan centraal<\/h3>\n","text_right":"<p>De huiskamersfeer van het ontmoetingscentrum vergemakkelijkt het contact tussen bewoners en ambtenaren. Dat maakt dat mensen zich gezien en gehoord voelen. Zo voelen werknemers en bezoekers zich veilig.<\/p>\n<p>De vele zichtlijnen in het gebouw maken verbinding met de kantoorvloeren voor de ambtenaren. Je kunt van boven zien of je afspraak eraan komt en je kunt je gast beneden met een kop koffie verwelkomen.<\/p>\n"},{"acf_fc_layout":"facts","variation":"numbers","steps":{"steps_items":false},"numbers":{"steps_items":[{"number":"22","text":"gebouwen"},{"number":"472","text":"jaar oud Stadhuis"},{"number":"700","text":"ambtenaren"},{"number":"10000","text":"m2"}]}},{"acf_fc_layout":"image","image":{"ID":5429,"id":5429,"title":"Gemeentehuis Sneek_EdB_065","filename":"Gemeentehuis-Sneek_EdB_065-scaled.jpg","filesize":2987496,"url":"https:\/\/inbo.com\/wp-content\/uploads\/2022\/08\/Gemeentehuis-Sneek_EdB_065-scaled.jpg","link":"https:\/\/inbo.com\/nl\/projects\/1-gemeentehuis-in-22-panden-gemeentehuis-sudwest-fryslan\/gemeentehuis-sneek_edb_065\/","alt":"gemeentehuis sneek","author":"4","description":"","caption":"egbert de boer","name":"gemeentehuis-sneek_edb_065","status":"inherit","uploaded_to":1799,"date":"2022-09-22 09:08:59","modified":"2022-09-22 09:09:26","menu_order":0,"mime_type":"image\/jpeg","type":"image","subtype":"jpeg","icon":"https:\/\/inbo.com\/wp-includes\/images\/media\/default.png","width":2560,"height":1708,"sizes":{"thumbnail":"https:\/\/inbo.com\/wp-content\/uploads\/2022\/08\/Gemeentehuis-Sneek_EdB_065-150x150.jpg","thumbnail-width":150,"thumbnail-height":150,"medium":"https:\/\/inbo.com\/wp-content\/uploads\/2022\/08\/Gemeentehuis-Sneek_EdB_065-300x200.jpg","medium-width":300,"medium-height":200,"medium_large":"https:\/\/inbo.com\/wp-content\/uploads\/2022\/08\/Gemeentehuis-Sneek_EdB_065-768x512.jpg","medium_large-width":768,"medium_large-height":512,"large":"https:\/\/inbo.com\/wp-content\/uploads\/2022\/08\/Gemeentehuis-Sneek_EdB_065-1024x683.jpg","large-width":1024,"large-height":683,"1536x1536":"https:\/\/inbo.com\/wp-content\/uploads\/2022\/08\/Gemeentehuis-Sneek_EdB_065-1536x1025.jpg","1536x1536-width":1536,"1536x1536-height":1025,"2048x2048":"https:\/\/inbo.com\/wp-content\/uploads\/2022\/08\/Gemeentehuis-Sneek_EdB_065-2048x1366.jpg","2048x2048-width":2048,"2048x2048-height":1366,"test_size":"https:\/\/inbo.com\/wp-content\/uploads\/2022\/08\/Gemeentehuis-Sneek_EdB_065-1x1.jpg","test_size-width":1,"test_size-height":1,"image_mobile":"https:\/\/inbo.com\/wp-content\/uploads\/2022\/08\/Gemeentehuis-Sneek_EdB_065-390x260.jpg","image_mobile-width":390,"image_mobile-height":260,"image_tablet":"https:\/\/inbo.com\/wp-content\/uploads\/2022\/08\/Gemeentehuis-Sneek_EdB_065-1024x683.jpg","image_tablet-width":1024,"image_tablet-height":683,"image_laptop":"https:\/\/inbo.com\/wp-content\/uploads\/2022\/08\/Gemeentehuis-Sneek_EdB_065-scaled.jpg","image_laptop-width":1440,"image_laptop-height":961,"image_extra_large":"https:\/\/inbo.com\/wp-content\/uploads\/2022\/08\/Gemeentehuis-Sneek_EdB_065-2560x1708.jpg","image_extra_large-width":2560,"image_extra_large-height":1708,"yarpp-thumbnail":"https:\/\/inbo.com\/wp-content\/uploads\/2022\/08\/Gemeentehuis-Sneek_EdB_065-120x120.jpg","yarpp-thumbnail-width":120,"yarpp-thumbnail-height":120}},"caption":"","variation":"full-right"},{"acf_fc_layout":"text_image","disable_crop":true,"sticky_text":true,"image":false,"image_landscape":false,"full_image":{"ID":10935,"id":10935,"title":"20230920_10907_Artboards_NL-02","filename":"20230920_10907_Artboards_NL-02.png","filesize":470769,"url":"https:\/\/inbo.com\/wp-content\/uploads\/2023\/09\/20230920_10907_Artboards_NL-02.png","link":"https:\/\/inbo.com\/nl\/projects\/1-gemeentehuis-in-22-panden-gemeentehuis-sudwest-fryslan\/20230920_10907_artboards_nl-02\/","alt":"Gemeentehuis S\u00fadwest-Frysl\u00e2n Sneek","author":"4","description":"","caption":"","name":"20230920_10907_artboards_nl-02","status":"inherit","uploaded_to":1799,"date":"2023-09-25 13:59:40","modified":"2023-09-25 14:04:35","menu_order":0,"mime_type":"image\/png","type":"image","subtype":"png","icon":"https:\/\/inbo.com\/wp-includes\/images\/media\/default.png","width":1920,"height":1435,"sizes":{"thumbnail":"https:\/\/inbo.com\/wp-content\/uploads\/2023\/09\/20230920_10907_Artboards_NL-02-150x150.png","thumbnail-width":150,"thumbnail-height":150,"medium":"https:\/\/inbo.com\/wp-content\/uploads\/2023\/09\/20230920_10907_Artboards_NL-02-300x224.png","medium-width":300,"medium-height":224,"medium_large":"https:\/\/inbo.com\/wp-content\/uploads\/2023\/09\/20230920_10907_Artboards_NL-02-768x574.png","medium_large-width":768,"medium_large-height":574,"large":"https:\/\/inbo.com\/wp-content\/uploads\/2023\/09\/20230920_10907_Artboards_NL-02-1024x765.png","large-width":1024,"large-height":765,"1536x1536":"https:\/\/inbo.com\/wp-content\/uploads\/2023\/09\/20230920_10907_Artboards_NL-02-1536x1148.png","1536x1536-width":1536,"1536x1536-height":1148,"2048x2048":"https:\/\/inbo.com\/wp-content\/uploads\/2023\/09\/20230920_10907_Artboards_NL-02.png","2048x2048-width":1920,"2048x2048-height":1435,"test_size":"https:\/\/inbo.com\/wp-content\/uploads\/2023\/09\/20230920_10907_Artboards_NL-02-1x1.png","test_size-width":1,"test_size-height":1,"image_mobile":"https:\/\/inbo.com\/wp-content\/uploads\/2023\/09\/20230920_10907_Artboards_NL-02-390x291.png","image_mobile-width":390,"image_mobile-height":291,"image_tablet":"https:\/\/inbo.com\/wp-content\/uploads\/2023\/09\/20230920_10907_Artboards_NL-02-1024x765.png","image_tablet-width":1024,"image_tablet-height":765,"image_laptop":"https:\/\/inbo.com\/wp-content\/uploads\/2023\/09\/20230920_10907_Artboards_NL-02-1440x1076.png","image_laptop-width":1440,"image_laptop-height":1076,"image_extra_large":"https:\/\/inbo.com\/wp-content\/uploads\/2023\/09\/20230920_10907_Artboards_NL-02.png","image_extra_large-width":1920,"image_extra_large-height":1435,"yarpp-thumbnail":"https:\/\/inbo.com\/wp-content\/uploads\/2023\/09\/20230920_10907_Artboards_NL-02-120x120.png","yarpp-thumbnail-width":120,"yarpp-thumbnail-height":120}},"image_location":"left","text_top":"","bottom_type":"none","bottom_text":"","bottom_link":null},{"acf_fc_layout":"text_image","disable_crop":true,"sticky_text":true,"image":false,"image_landscape":false,"full_image":{"ID":10932,"id":10932,"title":"20230920_10907_Artboards_NL-01","filename":"20230920_10907_Artboards_NL-01.png","filesize":732846,"url":"https:\/\/inbo.com\/wp-content\/uploads\/2023\/09\/20230920_10907_Artboards_NL-01.png","link":"https:\/\/inbo.com\/nl\/projects\/1-gemeentehuis-in-22-panden-gemeentehuis-sudwest-fryslan\/20230920_10907_artboards_nl-01\/","alt":"Gemeentehuis S\u00fadwest-Frysl\u00e2n Sneek","author":"4","description":"","caption":"","name":"20230920_10907_artboards_nl-01","status":"inherit","uploaded_to":1799,"date":"2023-09-25 13:59:35","modified":"2023-09-25 14:04:35","menu_order":0,"mime_type":"image\/png","type":"image","subtype":"png","icon":"https:\/\/inbo.com\/wp-includes\/images\/media\/default.png","width":1920,"height":3160,"sizes":{"thumbnail":"https:\/\/inbo.com\/wp-content\/uploads\/2023\/09\/20230920_10907_Artboards_NL-01-150x150.png","thumbnail-width":150,"thumbnail-height":150,"medium":"https:\/\/inbo.com\/wp-content\/uploads\/2023\/09\/20230920_10907_Artboards_NL-01-182x300.png","medium-width":182,"medium-height":300,"medium_large":"https:\/\/inbo.com\/wp-content\/uploads\/2023\/09\/20230920_10907_Artboards_NL-01-768x1264.png","medium_large-width":768,"medium_large-height":1264,"large":"https:\/\/inbo.com\/wp-content\/uploads\/2023\/09\/20230920_10907_Artboards_NL-01-622x1024.png","large-width":622,"large-height":1024,"1536x1536":"https:\/\/inbo.com\/wp-content\/uploads\/2023\/09\/20230920_10907_Artboards_NL-01-933x1536.png","1536x1536-width":933,"1536x1536-height":1536,"2048x2048":"https:\/\/inbo.com\/wp-content\/uploads\/2023\/09\/20230920_10907_Artboards_NL-01-1244x2048.png","2048x2048-width":1244,"2048x2048-height":2048,"test_size":"https:\/\/inbo.com\/wp-content\/uploads\/2023\/09\/20230920_10907_Artboards_NL-01-1x1.png","test_size-width":1,"test_size-height":1,"image_mobile":"https:\/\/inbo.com\/wp-content\/uploads\/2023\/09\/20230920_10907_Artboards_NL-01-390x642.png","image_mobile-width":390,"image_mobile-height":642,"image_tablet":"https:\/\/inbo.com\/wp-content\/uploads\/2023\/09\/20230920_10907_Artboards_NL-01-1024x1685.png","image_tablet-width":1024,"image_tablet-height":1685,"image_laptop":"https:\/\/inbo.com\/wp-content\/uploads\/2023\/09\/20230920_10907_Artboards_NL-01-1440x2370.png","image_laptop-width":1440,"image_laptop-height":2370,"image_extra_large":"https:\/\/inbo.com\/wp-content\/uploads\/2023\/09\/20230920_10907_Artboards_NL-01.png","image_extra_large-width":1920,"image_extra_large-height":3160,"yarpp-thumbnail":"https:\/\/inbo.com\/wp-content\/uploads\/2023\/09\/20230920_10907_Artboards_NL-01-120x120.png","yarpp-thumbnail-width":120,"yarpp-thumbnail-height":120}},"image_location":"left","text_top":"<ol>\n<li>Publiek gebied<\/li>\n<li>Verbindende as<\/li>\n<li>Restaurant<\/li>\n<li>Werkplekken<\/li>\n<\/ol>\n","bottom_type":"none","bottom_text":"","bottom_link":null},{"acf_fc_layout":"text","variation":"left_right","no_padding":false,"text_left":"<h3>Credits<\/h3>\n","text_right":"<p>Opdrachtgever<br \/>\n<a href=\"https:\/\/sudwestfryslan.nl\/\" target=\"_blank\" rel=\"noopener\">Gemeente S\u00fadwest-Frysl\u00e2n<\/a><\/p>\n<p>Samenwerking<br \/>\nBouwgroep Dijkstra Draisma,\u00a0J.O.N.G Architecten (restauratie) en Erik Overdiep (landschapsontwerp)<\/p>\n<p>INBO<br \/>\nEerde Schippers, <a href=\"https:\/\/inbo.com\/nl\/people\/trude-de-vroomen\/\">Trude de Vroomen<\/a>, <a href=\"https:\/\/inbo.com\/nl\/people\/rodi-van-der-horst\/\">Rodi van der Horst<\/a>, <a href=\"https:\/\/inbo.com\/nl\/people\/joop-tobben\/\">Joop Tobben<\/a>, <a href=\"https:\/\/inbo.com\/nl\/people\/joanne-van-vreeswijk\/\">Joanne van Vreeswijk<\/a>, <a href=\"https:\/\/inbo.com\/nl\/people\/klaas-adema\/\">Klaas Adema, <\/a>Hugo Jong<\/p>\n<p>Fotografie<br \/>\nEgbert de Boer<\/p>\n<p>Oplevering<br \/>\n2019<\/p>\n"}],"project_meta":{"title":"1 gemeentehuis in 22 panden","subtitle":"Gemeentehuis S\u00fadwest-Frysl\u00e2n Sneek","teaser_image_square":{"ID":6631,"id":6631,"title":"Gemeentehuis-Sneek_EdB_05-scaled-aspect-ratio-1880-1720","filename":"Gemeentehuis-Sneek_EdB_05-scaled-aspect-ratio-1880-1720-scaled.jpg","filesize":4862901,"url":"https:\/\/inbo.com\/wp-content\/uploads\/2022\/10\/Gemeentehuis-Sneek_EdB_05-scaled-aspect-ratio-1880-1720-scaled.jpg","link":"https:\/\/inbo.com\/nl\/projects\/1-gemeentehuis-in-22-panden-gemeentehuis-sudwest-fryslan\/gemeentehuis-sneek_edb_05-scaled-aspect-ratio-1880-1720\/","alt":"","author":"4","description":"","caption":"","name":"gemeentehuis-sneek_edb_05-scaled-aspect-ratio-1880-1720","status":"inherit","uploaded_to":1799,"date":"2022-10-26 09:02:15","modified":"2022-10-26 09:03:10","menu_order":0,"mime_type":"image\/jpeg","type":"image","subtype":"jpeg","icon":"https:\/\/inbo.com\/wp-includes\/images\/media\/default.png","width":2560,"height":2342,"sizes":{"thumbnail":"https:\/\/inbo.com\/wp-content\/uploads\/2022\/10\/Gemeentehuis-Sneek_EdB_05-scaled-aspect-ratio-1880-1720-150x150.jpg","thumbnail-width":150,"thumbnail-height":150,"medium":"https:\/\/inbo.com\/wp-content\/uploads\/2022\/10\/Gemeentehuis-Sneek_EdB_05-scaled-aspect-ratio-1880-1720-300x274.jpg","medium-width":300,"medium-height":274,"medium_large":"https:\/\/inbo.com\/wp-content\/uploads\/2022\/10\/Gemeentehuis-Sneek_EdB_05-scaled-aspect-ratio-1880-1720-768x703.jpg","medium_large-width":768,"medium_large-height":703,"large":"https:\/\/inbo.com\/wp-content\/uploads\/2022\/10\/Gemeentehuis-Sneek_EdB_05-scaled-aspect-ratio-1880-1720-1024x937.jpg","large-width":1024,"large-height":937,"1536x1536":"https:\/\/inbo.com\/wp-content\/uploads\/2022\/10\/Gemeentehuis-Sneek_EdB_05-scaled-aspect-ratio-1880-1720-1536x1405.jpg","1536x1536-width":1536,"1536x1536-height":1405,"2048x2048":"https:\/\/inbo.com\/wp-content\/uploads\/2022\/10\/Gemeentehuis-Sneek_EdB_05-scaled-aspect-ratio-1880-1720-2048x1874.jpg","2048x2048-width":2048,"2048x2048-height":1874,"test_size":"https:\/\/inbo.com\/wp-content\/uploads\/2022\/10\/Gemeentehuis-Sneek_EdB_05-scaled-aspect-ratio-1880-1720-1x1.jpg","test_size-width":1,"test_size-height":1,"image_mobile":"https:\/\/inbo.com\/wp-content\/uploads\/2022\/10\/Gemeentehuis-Sneek_EdB_05-scaled-aspect-ratio-1880-1720-390x357.jpg","image_mobile-width":390,"image_mobile-height":357,"image_tablet":"https:\/\/inbo.com\/wp-content\/uploads\/2022\/10\/Gemeentehuis-Sneek_EdB_05-scaled-aspect-ratio-1880-1720-1024x937.jpg","image_tablet-width":1024,"image_tablet-height":937,"image_laptop":"https:\/\/inbo.com\/wp-content\/uploads\/2022\/10\/Gemeentehuis-Sneek_EdB_05-scaled-aspect-ratio-1880-1720-scaled.jpg","image_laptop-width":1440,"image_laptop-height":1317,"image_extra_large":"https:\/\/inbo.com\/wp-content\/uploads\/2022\/10\/Gemeentehuis-Sneek_EdB_05-scaled-aspect-ratio-1880-1720-2560x2342.jpg","image_extra_large-width":2560,"image_extra_large-height":2342,"yarpp-thumbnail":"https:\/\/inbo.com\/wp-content\/uploads\/2022\/10\/Gemeentehuis-Sneek_EdB_05-scaled-aspect-ratio-1880-1720-120x120.jpg","yarpp-thumbnail-width":120,"yarpp-thumbnail-height":120},"original_image":{"ID":1840,"id":1840,"title":"Gemeentehuis Sneek_EdB_05","filename":"Gemeentehuis-Sneek_EdB_05-scaled.jpg","filesize":3165516,"url":"https:\/\/inbo.com\/wp-content\/uploads\/2022\/08\/Gemeentehuis-Sneek_EdB_05-scaled.jpg","link":"https:\/\/inbo.com\/nl\/projects\/1-gemeentehuis-in-22-panden-gemeentehuis-sudwest-fryslan\/gemeentehuis-sneek_edb_05\/","alt":"gemeentehuis S\u00fadwest-Frysl\u00e2n","author":"4","description":"","caption":"gemeentehuis S\u00fadwest-Frysl\u00e2n\nEgbert de Boer","name":"gemeentehuis-sneek_edb_05","status":"inherit","uploaded_to":1799,"date":"2022-08-02 12:43:39","modified":"2022-08-02 12:44:37","menu_order":0,"mime_type":"image\/jpeg","type":"image","subtype":"jpeg","icon":"https:\/\/inbo.com\/wp-includes\/images\/media\/default.png","width":2560,"height":1708,"sizes":{"thumbnail":"https:\/\/inbo.com\/wp-content\/uploads\/2022\/08\/Gemeentehuis-Sneek_EdB_05-150x150.jpg","thumbnail-width":150,"thumbnail-height":150,"medium":"https:\/\/inbo.com\/wp-content\/uploads\/2022\/08\/Gemeentehuis-Sneek_EdB_05-300x200.jpg","medium-width":300,"medium-height":200,"medium_large":"https:\/\/inbo.com\/wp-content\/uploads\/2022\/08\/Gemeentehuis-Sneek_EdB_05-768x512.jpg","medium_large-width":768,"medium_large-height":512,"large":"https:\/\/inbo.com\/wp-content\/uploads\/2022\/08\/Gemeentehuis-Sneek_EdB_05-1024x683.jpg","large-width":1024,"large-height":683,"1536x1536":"https:\/\/inbo.com\/wp-content\/uploads\/2022\/08\/Gemeentehuis-Sneek_EdB_05-1536x1025.jpg","1536x1536-width":1536,"1536x1536-height":1025,"2048x2048":"https:\/\/inbo.com\/wp-content\/uploads\/2022\/08\/Gemeentehuis-Sneek_EdB_05-2048x1366.jpg","2048x2048-width":2048,"2048x2048-height":1366,"test_size":"https:\/\/inbo.com\/wp-content\/uploads\/2022\/08\/Gemeentehuis-Sneek_EdB_05-1x1.jpg","test_size-width":1,"test_size-height":1,"image_mobile":"https:\/\/inbo.com\/wp-content\/uploads\/2022\/08\/Gemeentehuis-Sneek_EdB_05-390x260.jpg","image_mobile-width":390,"image_mobile-height":260,"image_tablet":"https:\/\/inbo.com\/wp-content\/uploads\/2022\/08\/Gemeentehuis-Sneek_EdB_05-1024x683.jpg","image_tablet-width":1024,"image_tablet-height":683,"image_laptop":"https:\/\/inbo.com\/wp-content\/uploads\/2022\/08\/Gemeentehuis-Sneek_EdB_05-scaled.jpg","image_laptop-width":1440,"image_laptop-height":961,"image_extra_large":"https:\/\/inbo.com\/wp-content\/uploads\/2022\/08\/Gemeentehuis-Sneek_EdB_05-2560x1708.jpg","image_extra_large-width":2560,"image_extra_large-height":1708,"yarpp-thumbnail":"https:\/\/inbo.com\/wp-content\/uploads\/2022\/08\/Gemeentehuis-Sneek_EdB_05-scaled.jpg","yarpp-thumbnail-width":120,"yarpp-thumbnail-height":80}}},"teaser_image_portrait":{"ID":6633,"id":6633,"title":"Gemeentehuis-Sneek_EdB_05-scaled-aspect-ratio-960-1200","filename":"Gemeentehuis-Sneek_EdB_05-scaled-aspect-ratio-960-1200-scaled.jpg","filesize":4423289,"url":"https:\/\/inbo.com\/wp-content\/uploads\/2022\/10\/Gemeentehuis-Sneek_EdB_05-scaled-aspect-ratio-960-1200-scaled.jpg","link":"https:\/\/inbo.com\/nl\/projects\/1-gemeentehuis-in-22-panden-gemeentehuis-sudwest-fryslan\/gemeentehuis-sneek_edb_05-scaled-aspect-ratio-960-1200\/","alt":"","author":"4","description":"","caption":"","name":"gemeentehuis-sneek_edb_05-scaled-aspect-ratio-960-1200","status":"inherit","uploaded_to":1799,"date":"2022-10-26 09:02:57","modified":"2022-10-26 09:03:10","menu_order":0,"mime_type":"image\/jpeg","type":"image","subtype":"jpeg","icon":"https:\/\/inbo.com\/wp-includes\/images\/media\/default.png","width":2047,"height":2560,"sizes":{"thumbnail":"https:\/\/inbo.com\/wp-content\/uploads\/2022\/10\/Gemeentehuis-Sneek_EdB_05-scaled-aspect-ratio-960-1200-150x150.jpg","thumbnail-width":150,"thumbnail-height":150,"medium":"https:\/\/inbo.com\/wp-content\/uploads\/2022\/10\/Gemeentehuis-Sneek_EdB_05-scaled-aspect-ratio-960-1200-240x300.jpg","medium-width":240,"medium-height":300,"medium_large":"https:\/\/inbo.com\/wp-content\/uploads\/2022\/10\/Gemeentehuis-Sneek_EdB_05-scaled-aspect-ratio-960-1200-768x960.jpg","medium_large-width":768,"medium_large-height":960,"large":"https:\/\/inbo.com\/wp-content\/uploads\/2022\/10\/Gemeentehuis-Sneek_EdB_05-scaled-aspect-ratio-960-1200-819x1024.jpg","large-width":819,"large-height":1024,"1536x1536":"https:\/\/inbo.com\/wp-content\/uploads\/2022\/10\/Gemeentehuis-Sneek_EdB_05-scaled-aspect-ratio-960-1200-1228x1536.jpg","1536x1536-width":1228,"1536x1536-height":1536,"2048x2048":"https:\/\/inbo.com\/wp-content\/uploads\/2022\/10\/Gemeentehuis-Sneek_EdB_05-scaled-aspect-ratio-960-1200-1638x2048.jpg","2048x2048-width":1638,"2048x2048-height":2048,"test_size":"https:\/\/inbo.com\/wp-content\/uploads\/2022\/10\/Gemeentehuis-Sneek_EdB_05-scaled-aspect-ratio-960-1200-1x1.jpg","test_size-width":1,"test_size-height":1,"image_mobile":"https:\/\/inbo.com\/wp-content\/uploads\/2022\/10\/Gemeentehuis-Sneek_EdB_05-scaled-aspect-ratio-960-1200-390x488.jpg","image_mobile-width":390,"image_mobile-height":488,"image_tablet":"https:\/\/inbo.com\/wp-content\/uploads\/2022\/10\/Gemeentehuis-Sneek_EdB_05-scaled-aspect-ratio-960-1200-1024x1280.jpg","image_tablet-width":1024,"image_tablet-height":1280,"image_laptop":"https:\/\/inbo.com\/wp-content\/uploads\/2022\/10\/Gemeentehuis-Sneek_EdB_05-scaled-aspect-ratio-960-1200-scaled.jpg","image_laptop-width":1440,"image_laptop-height":1801,"image_extra_large":"https:\/\/inbo.com\/wp-content\/uploads\/2022\/10\/Gemeentehuis-Sneek_EdB_05-scaled-aspect-ratio-960-1200-2560x3201.jpg","image_extra_large-width":2560,"image_extra_large-height":3201,"yarpp-thumbnail":"https:\/\/inbo.com\/wp-content\/uploads\/2022\/10\/Gemeentehuis-Sneek_EdB_05-scaled-aspect-ratio-960-1200-120x120.jpg","yarpp-thumbnail-width":120,"yarpp-thumbnail-height":120},"original_image":{"ID":1840,"id":1840,"title":"Gemeentehuis Sneek_EdB_05","filename":"Gemeentehuis-Sneek_EdB_05-scaled.jpg","filesize":3165516,"url":"https:\/\/inbo.com\/wp-content\/uploads\/2022\/08\/Gemeentehuis-Sneek_EdB_05-scaled.jpg","link":"https:\/\/inbo.com\/nl\/projects\/1-gemeentehuis-in-22-panden-gemeentehuis-sudwest-fryslan\/gemeentehuis-sneek_edb_05\/","alt":"gemeentehuis S\u00fadwest-Frysl\u00e2n","author":"4","description":"","caption":"gemeentehuis S\u00fadwest-Frysl\u00e2n\nEgbert de Boer","name":"gemeentehuis-sneek_edb_05","status":"inherit","uploaded_to":1799,"date":"2022-08-02 12:43:39","modified":"2022-08-02 12:44:37","menu_order":0,"mime_type":"image\/jpeg","type":"image","subtype":"jpeg","icon":"https:\/\/inbo.com\/wp-includes\/images\/media\/default.png","width":2560,"height":1708,"sizes":{"thumbnail":"https:\/\/inbo.com\/wp-content\/uploads\/2022\/08\/Gemeentehuis-Sneek_EdB_05-150x150.jpg","thumbnail-width":150,"thumbnail-height":150,"medium":"https:\/\/inbo.com\/wp-content\/uploads\/2022\/08\/Gemeentehuis-Sneek_EdB_05-300x200.jpg","medium-width":300,"medium-height":200,"medium_large":"https:\/\/inbo.com\/wp-content\/uploads\/2022\/08\/Gemeentehuis-Sneek_EdB_05-768x512.jpg","medium_large-width":768,"medium_large-height":512,"large":"https:\/\/inbo.com\/wp-content\/uploads\/2022\/08\/Gemeentehuis-Sneek_EdB_05-1024x683.jpg","large-width":1024,"large-height":683,"1536x1536":"https:\/\/inbo.com\/wp-content\/uploads\/2022\/08\/Gemeentehuis-Sneek_EdB_05-1536x1025.jpg","1536x1536-width":1536,"1536x1536-height":1025,"2048x2048":"https:\/\/inbo.com\/wp-content\/uploads\/2022\/08\/Gemeentehuis-Sneek_EdB_05-2048x1366.jpg","2048x2048-width":2048,"2048x2048-height":1366,"test_size":"https:\/\/inbo.com\/wp-content\/uploads\/2022\/08\/Gemeentehuis-Sneek_EdB_05-1x1.jpg","test_size-width":1,"test_size-height":1,"image_mobile":"https:\/\/inbo.com\/wp-content\/uploads\/2022\/08\/Gemeentehuis-Sneek_EdB_05-390x260.jpg","image_mobile-width":390,"image_mobile-height":260,"image_tablet":"https:\/\/inbo.com\/wp-content\/uploads\/2022\/08\/Gemeentehuis-Sneek_EdB_05-1024x683.jpg","image_tablet-width":1024,"image_tablet-height":683,"image_laptop":"https:\/\/inbo.com\/wp-content\/uploads\/2022\/08\/Gemeentehuis-Sneek_EdB_05-scaled.jpg","image_laptop-width":1440,"image_laptop-height":961,"image_extra_large":"https:\/\/inbo.com\/wp-content\/uploads\/2022\/08\/Gemeentehuis-Sneek_EdB_05-2560x1708.jpg","image_extra_large-width":2560,"image_extra_large-height":1708,"yarpp-thumbnail":"https:\/\/inbo.com\/wp-content\/uploads\/2022\/08\/Gemeentehuis-Sneek_EdB_05-scaled.jpg","yarpp-thumbnail-width":120,"yarpp-thumbnail-height":80}}}},"delivery_date":"21\/09\/2018"},"yoast_head":"<!-- This site is optimized with the Yoast SEO plugin v26.5 - https:\/\/yoast.com\/wordpress\/plugins\/seo\/ -->\n<title>Gemeentehuis S\u00fadwest-Frysl\u00e2n Sneek - INBO<\/title>\n<meta name=\"description\" content=\"In Friesland werden 89 kernen samengevoegd in de gemeente S\u00fadwest-Frysl\u00e2n, met Sneek als locatie. Alle gemeentelijke diensten kregen hun plek.\" \/>\n<meta name=\"robots\" content=\"index, follow, max-snippet:-1, max-image-preview:large, max-video-preview:-1\" \/>\n<link rel=\"canonical\" href=\"https:\/\/inbo.com\/nl\/projects\/1-gemeentehuis-in-22-panden-gemeentehuis-sudwest-fryslan\/\" \/>\n<meta property=\"og:locale\" content=\"nl_NL\" \/>\n<meta property=\"og:type\" content=\"article\" \/>\n<meta property=\"og:title\" content=\"Gemeentehuis S\u00fadwest-Frysl\u00e2n Sneek - INBO\" \/>\n<meta property=\"og:description\" content=\"In Friesland werden 89 kernen samengevoegd in de gemeente S\u00fadwest-Frysl\u00e2n, met Sneek als locatie. Alle gemeentelijke diensten kregen hun plek.\" \/>\n<meta property=\"og:url\" content=\"https:\/\/inbo.com\/nl\/projects\/1-gemeentehuis-in-22-panden-gemeentehuis-sudwest-fryslan\/\" \/>\n<meta property=\"og:site_name\" content=\"INBO\" \/>\n<meta property=\"article:modified_time\" content=\"2023-10-31T12:51:14+00:00\" \/>\n<meta name=\"twitter:card\" content=\"summary_large_image\" \/>\n<script type=\"application\/ld+json\" class=\"yoast-schema-graph\">{\"@context\":\"https:\/\/schema.org\",\"@graph\":[{\"@type\":\"WebPage\",\"@id\":\"https:\/\/inbo.com\/nl\/projects\/1-gemeentehuis-in-22-panden-gemeentehuis-sudwest-fryslan\/\",\"url\":\"https:\/\/inbo.com\/nl\/projects\/1-gemeentehuis-in-22-panden-gemeentehuis-sudwest-fryslan\/\",\"name\":\"Gemeentehuis S\u00fadwest-Frysl\u00e2n Sneek - INBO\",\"isPartOf\":{\"@id\":\"https:\/\/inbo.com\/nl\/#website\"},\"datePublished\":\"2022-08-02T13:58:49+00:00\",\"dateModified\":\"2023-10-31T12:51:14+00:00\",\"description\":\"In Friesland werden 89 kernen samengevoegd in de gemeente S\u00fadwest-Frysl\u00e2n, met Sneek als locatie. Alle gemeentelijke diensten kregen hun plek.\",\"breadcrumb\":{\"@id\":\"https:\/\/inbo.com\/nl\/projects\/1-gemeentehuis-in-22-panden-gemeentehuis-sudwest-fryslan\/#breadcrumb\"},\"inLanguage\":\"nl-NL\",\"potentialAction\":[{\"@type\":\"ReadAction\",\"target\":[\"https:\/\/inbo.com\/nl\/projects\/1-gemeentehuis-in-22-panden-gemeentehuis-sudwest-fryslan\/\"]}]},{\"@type\":\"BreadcrumbList\",\"@id\":\"https:\/\/inbo.com\/nl\/projects\/1-gemeentehuis-in-22-panden-gemeentehuis-sudwest-fryslan\/#breadcrumb\",\"itemListElement\":[{\"@type\":\"ListItem\",\"position\":1,\"name\":\"Home\",\"item\":\"https:\/\/inbo.com\/nl\/\"},{\"@type\":\"ListItem\",\"position\":2,\"name\":\"Gemeentehuis S\u00fadwest-Frysl\u00e2n Sneek\"}]},{\"@type\":\"WebSite\",\"@id\":\"https:\/\/inbo.com\/nl\/#website\",\"url\":\"https:\/\/inbo.com\/nl\/\",\"name\":\"INBO\",\"description\":\"Official website of INBO Architecten\",\"potentialAction\":[{\"@type\":\"SearchAction\",\"target\":{\"@type\":\"EntryPoint\",\"urlTemplate\":\"https:\/\/inbo.com\/nl\/?s={search_term_string}\"},\"query-input\":{\"@type\":\"PropertyValueSpecification\",\"valueRequired\":true,\"valueName\":\"search_term_string\"}}],\"inLanguage\":\"nl-NL\"}]}<\/script>\n<!-- \/ Yoast SEO plugin. -->","yoast_head_json":{"title":"Gemeentehuis S\u00fadwest-Frysl\u00e2n Sneek - INBO","description":"In Friesland werden 89 kernen samengevoegd in de gemeente S\u00fadwest-Frysl\u00e2n, met Sneek als locatie. Alle gemeentelijke diensten kregen hun plek.","robots":{"index":"index","follow":"follow","max-snippet":"max-snippet:-1","max-image-preview":"max-image-preview:large","max-video-preview":"max-video-preview:-1"},"canonical":"https:\/\/inbo.com\/nl\/projects\/1-gemeentehuis-in-22-panden-gemeentehuis-sudwest-fryslan\/","og_locale":"nl_NL","og_type":"article","og_title":"Gemeentehuis S\u00fadwest-Frysl\u00e2n Sneek - INBO","og_description":"In Friesland werden 89 kernen samengevoegd in de gemeente S\u00fadwest-Frysl\u00e2n, met Sneek als locatie. Alle gemeentelijke diensten kregen hun plek.","og_url":"https:\/\/inbo.com\/nl\/projects\/1-gemeentehuis-in-22-panden-gemeentehuis-sudwest-fryslan\/","og_site_name":"INBO","article_modified_time":"2023-10-31T12:51:14+00:00","twitter_card":"summary_large_image","schema":{"@context":"https:\/\/schema.org","@graph":[{"@type":"WebPage","@id":"https:\/\/inbo.com\/nl\/projects\/1-gemeentehuis-in-22-panden-gemeentehuis-sudwest-fryslan\/","url":"https:\/\/inbo.com\/nl\/projects\/1-gemeentehuis-in-22-panden-gemeentehuis-sudwest-fryslan\/","name":"Gemeentehuis S\u00fadwest-Frysl\u00e2n Sneek - INBO","isPartOf":{"@id":"https:\/\/inbo.com\/nl\/#website"},"datePublished":"2022-08-02T13:58:49+00:00","dateModified":"2023-10-31T12:51:14+00:00","description":"In Friesland werden 89 kernen samengevoegd in de gemeente S\u00fadwest-Frysl\u00e2n, met Sneek als locatie. Alle gemeentelijke diensten kregen hun plek.","breadcrumb":{"@id":"https:\/\/inbo.com\/nl\/projects\/1-gemeentehuis-in-22-panden-gemeentehuis-sudwest-fryslan\/#breadcrumb"},"inLanguage":"nl-NL","potentialAction":[{"@type":"ReadAction","target":["https:\/\/inbo.com\/nl\/projects\/1-gemeentehuis-in-22-panden-gemeentehuis-sudwest-fryslan\/"]}]},{"@type":"BreadcrumbList","@id":"https:\/\/inbo.com\/nl\/projects\/1-gemeentehuis-in-22-panden-gemeentehuis-sudwest-fryslan\/#breadcrumb","itemListElement":[{"@type":"ListItem","position":1,"name":"Home","item":"https:\/\/inbo.com\/nl\/"},{"@type":"ListItem","position":2,"name":"Gemeentehuis S\u00fadwest-Frysl\u00e2n Sneek"}]},{"@type":"WebSite","@id":"https:\/\/inbo.com\/nl\/#website","url":"https:\/\/inbo.com\/nl\/","name":"INBO","description":"Official website of INBO Architecten","potentialAction":[{"@type":"SearchAction","target":{"@type":"EntryPoint","urlTemplate":"https:\/\/inbo.com\/nl\/?s={search_term_string}"},"query-input":{"@type":"PropertyValueSpecification","valueRequired":true,"valueName":"search_term_string"}}],"inLanguage":"nl-NL"}]}},"_links":{"self":[{"href":"https:\/\/inbo.com\/nl\/wp-json\/wp\/v2\/projects\/1799","targetHints":{"allow":["GET"]}}],"collection":[{"href":"https:\/\/inbo.com\/nl\/wp-json\/wp\/v2\/projects"}],"about":[{"href":"https:\/\/inbo.com\/nl\/wp-json\/wp\/v2\/types\/projects"}],"wp:attachment":[{"href":"https:\/\/inbo.com\/nl\/wp-json\/wp\/v2\/media?parent=1799"}],"wp:term":[{"taxonomy":"post_tag","embeddable":true,"href":"https:\/\/inbo.com\/nl\/wp-json\/wp\/v2\/tags?post=1799"},{"taxonomy":"project_types","embeddable":true,"href":"https:\/\/inbo.com\/nl\/wp-json\/wp\/v2\/project_types?post=1799"}],"curies":[{"name":"wp","href":"https:\/\/api.w.org\/{rel}","templated":true}]}}